{"id":471,"date":"2025-02-19T09:35:49","date_gmt":"2025-02-19T09:35:49","guid":{"rendered":"https:\/\/www.loveelectriccars.com\/?page_id=471"},"modified":"2025-02-19T10:22:12","modified_gmt":"2025-02-19T10:22:12","slug":"home-no","status":"publish","type":"page","link":"https:\/\/www.loveelectriccars.com\/no\/","title":{"rendered":"Home no"},"content":{"rendered":"\n<div class=\"wp-block-columns is-layout-flex wp-container-core-columns-is-layout-209c3d5c wp-block-columns-is-layout-flex\" style=\"margin-top:0px;margin-bottom:0px\">\n<div class=\"wp-block-column is-vertically-aligned-stretch bloc-A is-layout-flow wp-block-column-is-layout-flow\">\n<div class=\"wp-block-cover has-custom-content-position is-position-bottom-center slider\" style=\"padding-right:var(--wp--preset--spacing--40);padding-bottom:var(--wp--preset--spacing--40);padding-left:var(--wp--preset--spacing--40);min-height:100%;aspect-ratio:unset;\"><span aria-hidden=\"true\" class=\"wp-block-cover__background has-black-background-color has-background-dim-20 has-background-dim\"><\/span><img loading=\"lazy\" decoding=\"async\" width=\"1000\" height=\"1176\" class=\"wp-block-cover__image-background wp-image-282\" alt=\"Electric vehicles the technology\" src=\"https:\/\/www.loveelectriccars.com\/wp-content\/uploads\/2023\/12\/Electric-vehicles-the-technology.webp\" data-object-fit=\"cover\" srcset=\"https:\/\/www.loveelectriccars.com\/wp-content\/uploads\/2023\/12\/Electric-vehicles-the-technology.webp 1000w, https:\/\/www.loveelectriccars.com\/wp-content\/uploads\/2023\/12\/Electric-vehicles-the-technology-255x300.webp 255w, https:\/\/www.loveelectriccars.com\/wp-content\/uploads\/2023\/12\/Electric-vehicles-the-technology-871x1024.webp 871w, https:\/\/www.loveelectriccars.com\/wp-content\/uploads\/2023\/12\/Electric-vehicles-the-technology-768x903.webp 768w\" sizes=\"auto, (max-width: 1000px) 100vw, 1000px\"><div class=\"wp-block-cover__inner-container has-global-padding is-layout-constrained wp-container-core-cover-is-layout-5d1458d8 wp-block-cover-is-layout-constrained\">\n<h1 class=\"wp-block-heading has-text-align-center animated fadeInUp delay-100ms has-base-2-color has-text-color has-link-color wp-elements-5e65b8a0ac2f91ec5ec5754abc867a8f\" style=\"font-size:60px;font-style:normal;font-weight:700\">Elektriske kj\u00f8ret\u00f8y: teknologien<\/h1>\n\n\n\n<p class=\"has-text-align-center animated fadeInUp delay-100ms has-base-2-color has-text-color has-link-color wp-elements-4e8dc127da2af7857ebd52f871e61bb1\" style=\"font-size:18px\">Elektriske biler er en sentral del av bilteknologien og gir \u00f8kt komfort og funksjonalitet. De drives av el- eller hybridmotorer og gir h\u00f8y ytelse.<\/p>\n<\/div><\/div>\n<\/div>\n\n\n\n<div class=\"wp-block-column is-vertically-aligned-stretch is-layout-flow wp-block-column-is-layout-flow\">\n<div class=\"wp-block-cover has-custom-content-position is-position-bottom-center slider\" style=\"padding-right:var(--wp--preset--spacing--40);padding-bottom:var(--wp--preset--spacing--40);padding-left:var(--wp--preset--spacing--40);min-height:100%;aspect-ratio:unset;\"><span aria-hidden=\"true\" class=\"wp-block-cover__background has-black-background-color has-background-dim-20 has-background-dim\"><\/span><img loading=\"lazy\" decoding=\"async\" width=\"1000\" height=\"1176\" class=\"wp-block-cover__image-background wp-image-258\" alt=\"the ABCs of technical specifications\" src=\"https:\/\/www.loveelectriccars.com\/wp-content\/uploads\/2023\/12\/the-ABCs-of-technical-specifications.webp\" data-object-fit=\"cover\" srcset=\"https:\/\/www.loveelectriccars.com\/wp-content\/uploads\/2023\/12\/the-ABCs-of-technical-specifications.webp 1000w, https:\/\/www.loveelectriccars.com\/wp-content\/uploads\/2023\/12\/the-ABCs-of-technical-specifications-255x300.webp 255w, https:\/\/www.loveelectriccars.com\/wp-content\/uploads\/2023\/12\/the-ABCs-of-technical-specifications-871x1024.webp 871w, https:\/\/www.loveelectriccars.com\/wp-content\/uploads\/2023\/12\/the-ABCs-of-technical-specifications-768x903.webp 768w\" sizes=\"auto, (max-width: 1000px) 100vw, 1000px\"><div class=\"wp-block-cover__inner-container has-global-padding is-layout-constrained wp-container-core-cover-is-layout-70ecbd35 wp-block-cover-is-layout-constrained\">\n<h2 class=\"wp-block-heading has-text-align-center animated fadeInUp delay-100ms has-base-2-color has-text-color has-link-color wp-elements-78de8ef19a2d074bd078a8f6ffd79788\" style=\"font-size:60px;font-style:normal;font-weight:700\">Elbiler: ABC for tekniske spesifikasjoner<\/h2>\n\n\n\n<p class=\"has-text-align-center animated fadeInUp delay-100ms has-base-2-color has-text-color has-link-color wp-elements-d204e1d61f36d055a32b3cc43addc778\" style=\"font-size:18px\">Finn ut hva som kjennetegner elbilmodellene og hvordan de har utviklet seg gjennom ti\u00e5rene ved hjelp av de tekniske databladene. De spesifiserer motorens og batterienes effekt og type lading: hurtiglading, fra stikkontakter eller spesielle ladepunkter.<\/p>\n<\/div><\/div>\n<\/div>\n<\/div>\n\n\n\n<div class=\"wp-block-columns is-layout-flex wp-container-core-columns-is-layout-1da5bd4e wp-block-columns-is-layout-flex\" style=\"margin-top:0px;margin-bottom:0px\">\n<div class=\"wp-block-column is-vertically-aligned-stretch is-layout-flow wp-block-column-is-layout-flow\">\n<div class=\"wp-block-columns is-layout-flex wp-container-core-columns-is-layout-33ba964e wp-block-columns-is-layout-flex\">\n<div class=\"wp-block-column Bloc-B is-layout-flow wp-block-column-is-layout-flow\">\n<div class=\"wp-block-cover has-custom-content-position is-position-bottom-center slider\" style=\"padding-right:var(--wp--preset--spacing--40);padding-bottom:var(--wp--preset--spacing--40);padding-left:var(--wp--preset--spacing--40);min-height:100%;aspect-ratio:unset;\"><span aria-hidden=\"true\" class=\"wp-block-cover__background has-black-background-color has-background-dim-20 has-background-dim\"><\/span><img loading=\"lazy\" decoding=\"async\" width=\"400\" height=\"538\" class=\"wp-block-cover__image-background wp-image-377\" alt=\"\" src=\"https:\/\/www.loveelectriccars.com\/wp-content\/uploads\/2023\/12\/Null-CO2-utslipp.webp\" data-object-fit=\"cover\" srcset=\"https:\/\/www.loveelectriccars.com\/wp-content\/uploads\/2023\/12\/Null-CO2-utslipp.webp 400w, https:\/\/www.loveelectriccars.com\/wp-content\/uploads\/2023\/12\/Null-CO2-utslipp-223x300.webp 223w\" sizes=\"auto, (max-width: 400px) 100vw, 400px\"><div class=\"wp-block-cover__inner-container has-global-padding is-layout-constrained wp-container-core-cover-is-layout-5d1458d8 wp-block-cover-is-layout-constrained\">\n<h3 class=\"wp-block-heading has-text-align-left animated fadeInUp delay-100ms has-base-2-color has-text-color has-link-color wp-elements-fd62132340614352389f9b70ad4c7ee4\" style=\"font-size:30px;font-style:normal;font-weight:700\">Null CO2-utslipp<\/h3>\n\n\n\n<p class=\"animated fadeInUp delay-100ms has-base-2-color has-text-color has-link-color wp-elements-838fb045b80830b443c1244e1b007deb\" style=\"font-size:18px\">Patenterte teknologier for \u00e5 redusere CO2-utslippene og gj\u00f8re bilene 100 % karbonfrie.<\/p>\n<\/div><\/div>\n<\/div>\n\n\n\n<div class=\"wp-block-column is-layout-flow wp-block-column-is-layout-flow\">\n<div class=\"wp-block-cover has-custom-content-position is-position-bottom-center slider\" style=\"padding-right:var(--wp--preset--spacing--40);padding-bottom:var(--wp--preset--spacing--40);padding-left:var(--wp--preset--spacing--40);min-height:100%;aspect-ratio:unset;\"><span aria-hidden=\"true\" class=\"wp-block-cover__background has-black-background-color has-background-dim-20 has-background-dim\"><\/span><img loading=\"lazy\" decoding=\"async\" width=\"400\" height=\"538\" class=\"wp-block-cover__image-background wp-image-349\" alt=\"\" src=\"https:\/\/www.loveelectriccars.com\/wp-content\/uploads\/2023\/12\/Batteriets-rekkevidde.webp\" data-object-fit=\"cover\" srcset=\"https:\/\/www.loveelectriccars.com\/wp-content\/uploads\/2023\/12\/Batteriets-rekkevidde.webp 400w, https:\/\/www.loveelectriccars.com\/wp-content\/uploads\/2023\/12\/Batteriets-rekkevidde-223x300.webp 223w\" sizes=\"auto, (max-width: 400px) 100vw, 400px\"><div class=\"wp-block-cover__inner-container has-global-padding is-layout-constrained wp-container-core-cover-is-layout-5d1458d8 wp-block-cover-is-layout-constrained\">\n<h3 class=\"wp-block-heading has-text-align-left animated fadeInUp delay-100ms has-base-2-color has-text-color has-link-color wp-elements-14d378a5e1876dd5fde20850692f5fae\" style=\"font-size:30px;font-style:normal;font-weight:700\">Batteriets rekkevidde<\/h3>\n\n\n\n<p class=\"animated fadeInUp delay-100ms has-base-2-color has-text-color has-link-color wp-elements-8168051a8254747ce21dc7e4c870678f\" style=\"font-size:18px\">En rekkevidde p\u00e5 150 til 750 km i WLTP-syklusen for kombinert kj\u00f8ring, eller 100 til 600 km under reelle forhold.<\/p>\n<\/div><\/div>\n<\/div>\n<\/div>\n<\/div>\n\n\n\n<div class=\"wp-block-column is-vertically-aligned-stretch is-layout-flow wp-block-column-is-layout-flow\">\n<div class=\"wp-block-columns is-layout-flex wp-container-core-columns-is-layout-33ba964e wp-block-columns-is-layout-flex\">\n<div class=\"wp-block-column is-vertically-aligned-stretch Bloc-B is-layout-flow wp-block-column-is-layout-flow\" style=\"flex-basis:66.66%\">\n<div class=\"wp-block-cover has-custom-content-position is-position-bottom-center slider\" style=\"padding-right:var(--wp--preset--spacing--40);padding-bottom:var(--wp--preset--spacing--40);padding-left:var(--wp--preset--spacing--40);min-height:100%;aspect-ratio:unset;\"><span aria-hidden=\"true\" class=\"wp-block-cover__background has-background-dim-100 has-background-dim\" style=\"background-color:#191919\"><\/span><div class=\"wp-block-cover__inner-container has-global-padding is-layout-constrained wp-container-core-cover-is-layout-5d1458d8 wp-block-cover-is-layout-constrained\">\n<h3 class=\"wp-block-heading has-text-align-left has-base-2-color has-text-color has-link-color wp-elements-9e1b6e1be7ef140282a4b84a814ec3de\" style=\"font-size:30px;font-style:normal;font-weight:700\">S\u00f8kelys p\u00e5 ladepunkter<\/h3>\n\n\n\n<p class=\"has-base-2-color has-text-color has-link-color wp-elements-cda82b42a91b182546e9b8c5ef8f9841\" style=\"font-size:18px\">Ulike typer ladepunkter: veggmontert, gulvst\u00e5ende, med hurtiglader, type 1-, 2- eller 4-kontakt.<\/p>\n<\/div><\/div>\n<\/div>\n\n\n\n<div class=\"wp-block-column is-vertically-aligned-stretch is-layout-flow wp-block-column-is-layout-flow\" style=\"flex-basis:33.33%\">\n<div class=\"wp-block-cover has-custom-content-position is-position-bottom-center bann-R\" style=\"padding-right:var(--wp--preset--spacing--40);padding-bottom:var(--wp--preset--spacing--40);padding-left:var(--wp--preset--spacing--40);min-height:100%;aspect-ratio:unset;\"><span aria-hidden=\"true\" class=\"wp-block-cover__background has-background-dim-20 has-background-dim\" style=\"background-color:#191919\"><\/span><img loading=\"lazy\" decoding=\"async\" width=\"308\" height=\"575\" class=\"wp-block-cover__image-background wp-image-387\" alt=\"\" src=\"https:\/\/www.loveelectriccars.com\/wp-content\/uploads\/2023\/12\/Sokelys-pa-ladepunkter.webp\" data-object-fit=\"cover\" srcset=\"https:\/\/www.loveelectriccars.com\/wp-content\/uploads\/2023\/12\/Sokelys-pa-ladepunkter.webp 308w, https:\/\/www.loveelectriccars.com\/wp-content\/uploads\/2023\/12\/Sokelys-pa-ladepunkter-161x300.webp 161w\" sizes=\"auto, (max-width: 308px) 100vw, 308px\"><div class=\"wp-block-cover__inner-container has-global-padding is-layout-constrained wp-container-core-cover-is-layout-5d1458d8 wp-block-cover-is-layout-constrained\">\n<p class=\"has-text-align-center has-large-font-size\"><\/p>\n<\/div><\/div>\n<\/div>\n<\/div>\n<\/div>\n<\/div>\n\n\n\n<div class=\"wp-block-columns is-layout-flex wp-container-core-columns-is-layout-1da5bd4e wp-block-columns-is-layout-flex\" style=\"margin-top:0px;margin-bottom:0px\">\n<div class=\"wp-block-column is-vertically-aligned-stretch is-layout-flow wp-block-column-is-layout-flow\">\n<div class=\"wp-block-columns is-layout-flex wp-container-core-columns-is-layout-33ba964e wp-block-columns-is-layout-flex\">\n<div class=\"wp-block-column is-vertically-aligned-stretch is-layout-flow wp-block-column-is-layout-flow\" style=\"flex-basis:25%\">\n<div class=\"wp-block-cover has-custom-content-position is-position-bottom-center bann-R\" style=\"padding-right:var(--wp--preset--spacing--40);padding-bottom:var(--wp--preset--spacing--40);padding-left:var(--wp--preset--spacing--40);min-height:100%;aspect-ratio:unset;\"><span aria-hidden=\"true\" class=\"wp-block-cover__background has-background-dim-20 has-background-dim\" style=\"background-color:#191919\"><\/span><img loading=\"lazy\" decoding=\"async\" width=\"308\" height=\"575\" class=\"wp-block-cover__image-background wp-image-353\" alt=\"\" src=\"https:\/\/www.loveelectriccars.com\/wp-content\/uploads\/2023\/12\/Effekten-til-en-bil-med-forbrenningsmotor.webp\" data-object-fit=\"cover\" srcset=\"https:\/\/www.loveelectriccars.com\/wp-content\/uploads\/2023\/12\/Effekten-til-en-bil-med-forbrenningsmotor.webp 308w, https:\/\/www.loveelectriccars.com\/wp-content\/uploads\/2023\/12\/Effekten-til-en-bil-med-forbrenningsmotor-161x300.webp 161w\" sizes=\"auto, (max-width: 308px) 100vw, 308px\"><div class=\"wp-block-cover__inner-container has-global-padding is-layout-constrained wp-container-core-cover-is-layout-5d1458d8 wp-block-cover-is-layout-constrained\">\n<p class=\"has-text-align-center has-large-font-size\"><\/p>\n<\/div><\/div>\n<\/div>\n\n\n\n<div class=\"wp-block-column is-vertically-aligned-stretch Bloc-B is-layout-flow wp-block-column-is-layout-flow\" style=\"flex-basis:75%\">\n<div class=\"wp-block-cover has-custom-content-position is-position-bottom-center slider\" style=\"padding-right:var(--wp--preset--spacing--40);padding-bottom:var(--wp--preset--spacing--40);padding-left:var(--wp--preset--spacing--40);min-height:100%;aspect-ratio:unset;\"><span aria-hidden=\"true\" class=\"wp-block-cover__background has-background-dim-100 has-background-dim\" style=\"background-color:#bb3e1e\"><\/span><div class=\"wp-block-cover__inner-container has-global-padding is-layout-constrained wp-container-core-cover-is-layout-5d1458d8 wp-block-cover-is-layout-constrained\">\n<h3 class=\"wp-block-heading has-text-align-left animated fadeInUp delay-100ms has-base-2-color has-text-color has-link-color wp-elements-bdc2612ee697facfeb20d1d114557e8a\" style=\"font-size:30px;font-style:normal;font-weight:700\">Effekten til en bil med forbrenningsmotor<\/h3>\n\n\n\n<p class=\"animated fadeInUp delay-100ms has-base-2-color has-text-color has-link-color wp-elements-b35cd127fe9a45897540981617833b42\" style=\"font-size:18px\">Effekt fra 100 til over 800 hk, avhengig av modell og forbrenningsmotorens egenskaper.<\/p>\n<\/div><\/div>\n<\/div>\n<\/div>\n<\/div>\n\n\n\n<div class=\"wp-block-column is-vertically-aligned-stretch is-layout-flow wp-block-column-is-layout-flow\">\n<div class=\"wp-block-columns is-layout-flex wp-container-core-columns-is-layout-33ba964e wp-block-columns-is-layout-flex\">\n<div class=\"wp-block-column Bloc-B is-layout-flow wp-block-column-is-layout-flow\">\n<div class=\"wp-block-cover has-custom-content-position is-position-bottom-center slider\" style=\"padding-right:var(--wp--preset--spacing--40);padding-bottom:var(--wp--preset--spacing--40);padding-left:var(--wp--preset--spacing--40);min-height:100%;aspect-ratio:unset;\"><span aria-hidden=\"true\" class=\"wp-block-cover__background has-black-background-color has-background-dim-20 has-background-dim\"><\/span><img loading=\"lazy\" decoding=\"async\" width=\"400\" height=\"538\" class=\"wp-block-cover__image-background wp-image-304\" alt=\"Tech integration\" src=\"https:\/\/www.loveelectriccars.com\/wp-content\/uploads\/2023\/12\/Tech-integration.webp\" data-object-fit=\"cover\" srcset=\"https:\/\/www.loveelectriccars.com\/wp-content\/uploads\/2023\/12\/Tech-integration.webp 400w, https:\/\/www.loveelectriccars.com\/wp-content\/uploads\/2023\/12\/Tech-integration-223x300.webp 223w\" sizes=\"auto, (max-width: 400px) 100vw, 400px\"><div class=\"wp-block-cover__inner-container has-global-padding is-layout-constrained wp-container-core-cover-is-layout-5d1458d8 wp-block-cover-is-layout-constrained\">\n<h3 class=\"wp-block-heading has-text-align-left animated fadeInUp delay-100ms has-base-2-color has-text-color has-link-color wp-elements-a90a13926726627e42453d9ec32756b4\" style=\"font-size:30px;font-style:normal;font-weight:700\">Teknologiintegrasjon<\/h3>\n\n\n\n<p class=\"animated fadeInUp delay-100ms has-base-2-color has-text-color has-link-color wp-elements-090ae5136ea82711bd15fb74408da3a4\" style=\"font-size:18px\">Biler som drives av en forbrenningsmotor kombinert med en automatisk eller manuell girkasse.<\/p>\n<\/div><\/div>\n<\/div>\n\n\n\n<div class=\"wp-block-column is-layout-flow wp-block-column-is-layout-flow\">\n<div class=\"wp-block-cover has-custom-content-position is-position-bottom-center slider\" style=\"padding-right:var(--wp--preset--spacing--40);padding-bottom:var(--wp--preset--spacing--40);padding-left:var(--wp--preset--spacing--40);min-height:100%;aspect-ratio:unset;\"><span aria-hidden=\"true\" class=\"wp-block-cover__background has-black-background-color has-background-dim-20 has-background-dim\"><\/span><img loading=\"lazy\" decoding=\"async\" width=\"400\" height=\"538\" class=\"wp-block-cover__image-background wp-image-347\" alt=\"\" src=\"https:\/\/www.loveelectriccars.com\/wp-content\/uploads\/2023\/12\/Autonom-kjoring.webp\" data-object-fit=\"cover\" srcset=\"https:\/\/www.loveelectriccars.com\/wp-content\/uploads\/2023\/12\/Autonom-kjoring.webp 400w, https:\/\/www.loveelectriccars.com\/wp-content\/uploads\/2023\/12\/Autonom-kjoring-223x300.webp 223w\" sizes=\"auto, (max-width: 400px) 100vw, 400px\"><div class=\"wp-block-cover__inner-container has-global-padding is-layout-constrained wp-container-core-cover-is-layout-5d1458d8 wp-block-cover-is-layout-constrained\">\n<h3 class=\"wp-block-heading has-text-align-left animated fadeInUp delay-100ms has-base-2-color has-text-color has-link-color wp-elements-057ea1e6eb932870d4625bc512bdf731\" style=\"font-size:30px;font-style:normal;font-weight:700\">Autonom kj\u00f8ring<\/h3>\n\n\n\n<p class=\"animated fadeInUp delay-100ms has-base-2-color has-text-color has-link-color wp-elements-d6207b2f1d3ecae9e1ea41a63d119df6\" style=\"font-size:18px\">Autonom kj\u00f8ring i mellom 500 og 1000 km, avhengig av forbrenningsmotorens effekt.<\/p>\n<\/div><\/div>\n<\/div>\n<\/div>\n<\/div>\n<\/div>\n\n\n\n<div class=\"wp-block-group has-background has-global-padding is-layout-constrained wp-container-core-group-is-layout-a51abea4 wp-block-group-is-layout-constrained\" style=\"background-color:#050708;padding-top:var(--wp--preset--spacing--50);padding-bottom:var(--wp--preset--spacing--50)\">\n<h2 class=\"wp-block-heading has-text-align-left has-base-2-color has-text-color has-link-color wp-elements-b70b23bbbd143d429c3e99b86f13991a\" style=\"font-size:35px\">Bildesign: de nyeste estetiske innovasjonene<\/h2>\n\n\n\n<p class=\"has-text-align-left\"><\/p>\n\n\n\n<div class=\"wp-block-columns is-not-stacked-on-mobile is-layout-flex wp-container-core-columns-is-layout-6f77b5cc wp-block-columns-is-layout-flex\" style=\"padding-top:var(--wp--preset--spacing--30)\">\n<div class=\"wp-block-column is-layout-flow wp-block-column-is-layout-flow\">\n<figure class=\"wp-block-image size-large\"><img decoding=\"async\" src=\"https:\/\/www.loveelectriccars.com\/wp-content\/uploads\/2023\/12\/Minimalist-design.svg\" alt=\"\"><\/figure>\n\n\n\n<hr class=\"wp-block-separator has-text-color has-alpha-channel-opacity has-background is-style-wide horizontal-line\" style=\"background-color:#6e6e6e73;color:#6e6e6e73\">\n<\/div>\n\n\n\n<div class=\"wp-block-column is-layout-flow wp-block-column-is-layout-flow\">\n<figure class=\"wp-block-image size-large\"><img decoding=\"async\" src=\"https:\/\/www.loveelectriccars.com\/wp-content\/uploads\/2023\/12\/Body-lines.svg\" alt=\"\"><\/figure>\n\n\n\n<hr class=\"wp-block-separator has-text-color has-alpha-channel-opacity has-background is-style-wide horizontal-line\" style=\"background-color:#6e6e6e73;color:#6e6e6e73\">\n<\/div>\n\n\n\n<div class=\"wp-block-column is-layout-flow wp-block-column-is-layout-flow\">\n<figure class=\"wp-block-image size-large\"><img decoding=\"async\" src=\"https:\/\/www.loveelectriccars.com\/wp-content\/uploads\/2023\/12\/Colour-palette.svg\" alt=\"\"><\/figure>\n\n\n\n<hr class=\"wp-block-separator has-text-color has-alpha-channel-opacity has-background is-style-wide horizontal-line\" style=\"background-color:#6e6e6e73;color:#6e6e6e73\">\n<\/div>\n\n\n\n<div class=\"wp-block-column is-layout-flow wp-block-column-is-layout-flow\">\n<figure class=\"wp-block-image size-large\"><img decoding=\"async\" src=\"https:\/\/www.loveelectriccars.com\/wp-content\/uploads\/2023\/12\/durable-materials.svg\" alt=\"\"><\/figure>\n<\/div>\n<\/div>\n\n\n\n<div class=\"wp-block-columns animated fadeInUp delay-100ms is-layout-flex wp-container-core-columns-is-layout-658170e2 wp-block-columns-is-layout-flex\">\n<div class=\"wp-block-column is-layout-flow wp-block-column-is-layout-flow\">\n<h3 class=\"wp-block-heading has-base-2-color has-text-color has-link-color wp-elements-5254b51e58c3bee894704bf04f2ce799\" style=\"font-size:24px;font-style:normal;font-weight:400\">Minimalistisk design<\/h3>\n\n\n\n<p class=\"has-base-2-color has-text-color has-link-color wp-elements-a2213ece4547330f9980f6d7eca941e3\" style=\"font-size:16px\">En minimalistisk, stilren design med reflekterende, elegante og elegante detaljer.<\/p>\n<\/div>\n\n\n\n<div class=\"wp-block-column is-layout-flow wp-block-column-is-layout-flow\">\n<h3 class=\"wp-block-heading has-base-2-color has-text-color has-link-color wp-elements-5556a3c6a78a21bd21c468119e2a7351\" style=\"font-size:24px;font-style:normal;font-weight:400\">Karosserilinjer<\/h3>\n\n\n\n<p class=\"has-base-2-color has-text-color has-link-color wp-elements-5d5d0b0230985867e780aff267c2da59\" style=\"font-size:16px\">Moderne, autentiske karosserilinjer for en str\u00e5lende effekt.<\/p>\n<\/div>\n\n\n\n<div class=\"wp-block-column is-layout-flow wp-block-column-is-layout-flow\">\n<h3 class=\"wp-block-heading has-base-2-color has-text-color has-link-color wp-elements-af8caa48dbb7866810e0bae9a5e4c30a\" style=\"font-size:24px;font-style:normal;font-weight:400\">Fargepalett<\/h3>\n\n\n\n<p class=\"has-base-2-color has-text-color has-link-color wp-elements-1c195dd6c2594600285db6118522f8fe\" style=\"font-size:16px\">Skreddersydde fargenyanser inspirert av den kromatiske paletten.<\/p>\n<\/div>\n\n\n\n<div class=\"wp-block-column is-layout-flow wp-block-column-is-layout-flow\">\n<h3 class=\"wp-block-heading has-base-2-color has-text-color has-link-color wp-elements-13776c25335cf36255027c220470d975\" style=\"font-size:24px;font-style:normal;font-weight:400\">Lette, slitesterke materialer<\/h3>\n\n\n\n<p class=\"has-base-2-color has-text-color has-link-color wp-elements-ab7d307d1b28fa1d709b20dd236721f3\" style=\"font-size:16px\">Holdbare materialer basert p\u00e5 plast, kompositter og naturfiber.<\/p>\n<\/div>\n<\/div>\n<\/div>\n\n\n\n<div class=\"wp-block-cover\" style=\"margin-top:0px;margin-bottom:0px\"><span aria-hidden=\"true\" class=\"wp-block-cover__background has-black-background-color has-background-dim-40 has-background-dim\"><\/span><img loading=\"lazy\" decoding=\"async\" width=\"1920\" height=\"1200\" class=\"wp-block-cover__image-background wp-image-288\" alt=\"In-car technologies\" src=\"https:\/\/www.loveelectriccars.com\/wp-content\/uploads\/2023\/12\/In-car-technologies.webp\" data-object-fit=\"cover\" srcset=\"https:\/\/www.loveelectriccars.com\/wp-content\/uploads\/2023\/12\/In-car-technologies.webp 1920w, https:\/\/www.loveelectriccars.com\/wp-content\/uploads\/2023\/12\/In-car-technologies-300x188.webp 300w, https:\/\/www.loveelectriccars.com\/wp-content\/uploads\/2023\/12\/In-car-technologies-1024x640.webp 1024w, https:\/\/www.loveelectriccars.com\/wp-content\/uploads\/2023\/12\/In-car-technologies-768x480.webp 768w, https:\/\/www.loveelectriccars.com\/wp-content\/uploads\/2023\/12\/In-car-technologies-1536x960.webp 1536w\" sizes=\"auto, (max-width: 1920px) 100vw, 1920px\"><div class=\"wp-block-cover__inner-container has-global-padding is-layout-constrained wp-block-cover-is-layout-constrained\">\n<h3 class=\"wp-block-heading has-text-align-center has-base-2-color has-text-color has-link-color wp-elements-90489e9e6e794504e2606ec671cfc8db\" style=\"font-size:30px;font-style:normal;font-weight:700\">Teknologier i bilen<\/h3>\n\n\n\n<hr class=\"wp-block-separator has-text-color has-alpha-channel-opacity has-background is-style-wide border-hr\" style=\"background-color:#fb0d2b;color:#fb0d2b\">\n\n\n\n<p class=\"has-text-align-center animated fadeInUp delay-100ms has-base-2-color has-text-color has-link-color wp-elements-c0a42b0693ba4991243e253c14fb44a7\" style=\"padding-right:var(--wp--preset--spacing--60);padding-left:var(--wp--preset--spacing--60);font-size:18px\">Oppdag de nye bilteknologiene som revolusjonerer kj\u00f8reopplevelsen din. Disse innovasjonene kan integreres i en elbil eller en allsidig bybil med LPG-motor.<\/p>\n<\/div><\/div>\n\n\n\n<div class=\"wp-block-group has-background has-global-padding is-layout-constrained wp-block-group-is-layout-constrained\" style=\"background-color:#050708;margin-top:0px;margin-bottom:0px;padding-top:var(--wp--preset--spacing--60);padding-bottom:var(--wp--preset--spacing--50)\">\n<div class=\"wp-block-columns container is-layout-flex wp-container-core-columns-is-layout-2134c5ec wp-block-columns-is-layout-flex\" style=\"padding-top:var(--wp--preset--spacing--40);padding-right:0px;padding-left:0px\">\n<div class=\"wp-block-column has-background is-layout-flow wp-block-column-is-layout-flow\" style=\"background-color:#373939;padding-top:0;padding-right:0;padding-bottom:0;padding-left:0\">\n<figure class=\"wp-block-image alignfull size-large col-text-img\"><img decoding=\"async\" src=\"https:\/\/www.loveelectriccars.com\/wp-content\/uploads\/2023\/12\/GPS-navigation-system.webp\" alt=\"\"><\/figure>\n\n\n\n<div class=\"wp-block-group has-global-padding is-layout-constrained wp-container-core-group-is-layout-b87b4b82 wp-block-group-is-layout-constrained\" style=\"padding-right:var(--wp--preset--spacing--20);padding-bottom:var(--wp--preset--spacing--20);padding-left:var(--wp--preset--spacing--20)\">\n<h3 class=\"wp-block-heading has-base-2-color has-text-color has-link-color wp-elements-6f8ec6af5f1958e7a6a9d660c1fe2577\" style=\"font-size:24px;font-style:normal;font-weight:400\">GPS-navigasjonssystem<\/h3>\n\n\n\n<p class=\"has-base-2-color has-text-color has-link-color wp-elements-9a4ffa9388dc99ff98df2862e7058c74\">En GPS-navigasjonsassistent som hjelper deg med \u00e5 finne veien p\u00e5 et digitalt kart og f\u00f8lge ruter.<\/p>\n<\/div>\n<\/div>\n\n\n\n<div class=\"wp-block-column has-background is-layout-flow wp-block-column-is-layout-flow\" style=\"background-color:#bb3e1e;padding-top:0;padding-right:0;padding-bottom:0;padding-left:0\">\n<figure class=\"wp-block-image alignfull size-large col-text-img\"><img decoding=\"async\" src=\"https:\/\/www.loveelectriccars.com\/wp-content\/uploads\/2023\/12\/Sensors-and-reversing-cameras.webp\" alt=\"\"><\/figure>\n\n\n\n<div class=\"wp-block-group has-global-padding is-layout-constrained wp-container-core-group-is-layout-b87b4b82 wp-block-group-is-layout-constrained\" style=\"padding-right:var(--wp--preset--spacing--20);padding-bottom:var(--wp--preset--spacing--20);padding-left:var(--wp--preset--spacing--20)\">\n<h3 class=\"wp-block-heading has-base-2-color has-text-color has-link-color wp-elements-1be09bd5ada7031cb60521463d101044\" style=\"font-size:24px;font-style:normal;font-weight:400\">Sensorer og ryggekameraer<\/h3>\n\n\n\n<p class=\"has-base-2-color has-text-color has-link-color wp-elements-9e46596b8cc3bafdf3b362ad810342e0\">Parkeringsassistanse og biloverv\u00e5kningssystemer. De kan utstyres med nattsyn.<\/p>\n<\/div>\n<\/div>\n\n\n\n<div class=\"wp-block-column has-base-2-background-color has-background is-layout-flow wp-block-column-is-layout-flow\" style=\"padding-top:0;padding-right:0;padding-bottom:0;padding-left:0\">\n<figure class=\"wp-block-image alignfull size-large col-text-img\"><img decoding=\"async\" src=\"https:\/\/www.loveelectriccars.com\/wp-content\/uploads\/2023\/12\/Voice-recognition-system-.webp\" alt=\"\"><\/figure>\n\n\n\n<div class=\"wp-block-group has-global-padding is-layout-constrained wp-container-core-group-is-layout-b87b4b82 wp-block-group-is-layout-constrained\" style=\"padding-right:var(--wp--preset--spacing--20);padding-bottom:var(--wp--preset--spacing--20);padding-left:var(--wp--preset--spacing--20)\">\n<h3 class=\"wp-block-heading has-text-color has-link-color wp-elements-f6909ad64ecebce3630998c8ea0614ba\" style=\"color:#181818;font-size:24px;font-style:normal;font-weight:400\">Stemmegjenkjenningssystem<\/h3>\n\n\n\n<p class=\"has-text-color has-link-color wp-elements-ef99c3345265dcba8052faba760b8125\" style=\"color:#181818\">Et kj\u00f8resystem som bruker stemmegjenkjenning for \u00e5 f\u00e5 tilgang til bilens kontroller.<\/p>\n<\/div>\n<\/div>\n<\/div>\n<\/div>\n\n\n\n<div class=\"wp-block-columns has-background is-layout-flex wp-container-core-columns-is-layout-af133484 wp-block-columns-is-layout-flex\" style=\"background-color:#050708;margin-top:0px;margin-bottom:0px;padding-right:0px;padding-left:0px\">\n<div class=\"wp-block-column is-vertically-aligned-center animated fadeInLeft delay-100ms slow has-background is-layout-flow wp-container-core-column-is-layout-c5a4fa8e wp-block-column-is-layout-flow\" style=\"background-color:#050708;padding-top:var(--wp--preset--spacing--40);padding-right:var(--wp--preset--spacing--50);padding-bottom:var(--wp--preset--spacing--40);padding-left:var(--wp--preset--spacing--60);flex-basis:50%\">\n<h2 class=\"wp-block-heading has-base-2-color has-text-color has-link-color wp-elements-d4805064e8eb156d0e49405a4ce17a40\" style=\"font-size:35px\">Er det n\u00f8dvendig \u00e5 forsikre en elbil?<\/h2>\n\n\n\n<hr class=\"wp-block-separator has-text-color has-alpha-channel-opacity has-background is-style-wide border-hr\" style=\"background-color:#fb0d2b;color:#fb0d2b\">\n\n\n\n<p class=\"has-base-2-color has-text-color has-link-color wp-elements-e425c61fa2fd6d114246d451c5f8cefb\">Bilforsikring er obligatorisk for elbiler og alle motoriserte kj\u00f8ret\u00f8y. Velg en forsikringspakke som passer dine behov.<\/p>\n\n\n\n<div class=\"wp-block-columns are-vertically-aligned-center is-layout-flex wp-container-core-columns-is-layout-28f84493 wp-block-columns-is-layout-flex\">\n<div class=\"wp-block-column is-vertically-aligned-center is-layout-flow wp-block-column-is-layout-flow\">\n<div class=\"wp-block-columns is-layout-flex wp-container-core-columns-is-layout-28f84493 wp-block-columns-is-layout-flex\">\n<div class=\"wp-block-column is-layout-flow wp-block-column-is-layout-flow\">\n<div class=\"wp-block-columns are-vertically-aligned-center is-layout-flex wp-container-core-columns-is-layout-28f84493 wp-block-columns-is-layout-flex\">\n<div class=\"wp-block-column is-vertically-aligned-center is-layout-flow wp-block-column-is-layout-flow\" style=\"flex-basis:33.33%\">\n<figure class=\"wp-block-image size-large\"><img decoding=\"async\" src=\"https:\/\/www.loveelectriccars.com\/wp-content\/uploads\/2023\/12\/Electric-car-insurance.svg\" alt=\"\"><\/figure>\n<\/div>\n\n\n\n<div class=\"wp-block-column is-vertically-aligned-center is-layout-flow wp-block-column-is-layout-flow\" style=\"flex-basis:66.66%\">\n<h2 class=\"wp-block-heading has-base-2-color has-text-color has-link-color wp-elements-cd56148b709c683c6e27e88f4686fd8c\" style=\"font-size:25px\">Elbilforsikring<\/h2>\n<\/div>\n<\/div>\n<\/div>\n\n\n\n<div class=\"wp-block-column is-layout-flow wp-block-column-is-layout-flow\">\n<div class=\"wp-block-columns are-vertically-aligned-center is-layout-flex wp-container-core-columns-is-layout-28f84493 wp-block-columns-is-layout-flex\">\n<div class=\"wp-block-column is-vertically-aligned-center is-layout-flow wp-block-column-is-layout-flow\" style=\"flex-basis:33.33%\">\n<figure class=\"wp-block-image size-large\"><img decoding=\"async\" src=\"https:\/\/www.loveelectriccars.com\/wp-content\/uploads\/2023\/12\/levels-of-cover.svg\" alt=\"\"><\/figure>\n<\/div>\n\n\n\n<div class=\"wp-block-column is-vertically-aligned-center is-layout-flow wp-block-column-is-layout-flow\" style=\"flex-basis:66.66%\">\n<h2 class=\"wp-block-heading has-base-2-color has-text-color has-link-color wp-elements-5112ecd62bddcd84f22079cbe8d8321f\" style=\"font-size:25px\">Tegning og dekningsniv\u00e5er<\/h2>\n<\/div>\n<\/div>\n<\/div>\n<\/div>\n<\/div>\n<\/div>\n<\/div>\n\n\n\n<div class=\"wp-block-column is-vertically-aligned-stretch is-layout-flow wp-block-column-is-layout-flow\" style=\"flex-basis:50%\">\n<div class=\"wp-block-cover is-light bloc-R\" style=\"min-height:100%;aspect-ratio:unset;\"><span aria-hidden=\"true\" class=\"wp-block-cover__background has-background-dim\" style=\"background-color:#c0b7b0\"><\/span><img loading=\"lazy\" decoding=\"async\" width=\"960\" height=\"580\" class=\"wp-block-cover__image-background wp-image-367\" alt=\"\" src=\"https:\/\/www.loveelectriccars.com\/wp-content\/uploads\/2023\/12\/insure-an-electric-car-1.webp\" data-object-fit=\"cover\" srcset=\"https:\/\/www.loveelectriccars.com\/wp-content\/uploads\/2023\/12\/insure-an-electric-car-1.webp 960w, https:\/\/www.loveelectriccars.com\/wp-content\/uploads\/2023\/12\/insure-an-electric-car-1-300x181.webp 300w, https:\/\/www.loveelectriccars.com\/wp-content\/uploads\/2023\/12\/insure-an-electric-car-1-768x464.webp 768w\" sizes=\"auto, (max-width: 960px) 100vw, 960px\"><div class=\"wp-block-cover__inner-container has-global-padding is-layout-constrained wp-block-cover-is-layout-constrained\">\n<div class=\"wp-block-columns is-layout-flex wp-container-core-columns-is-layout-85958d59 wp-block-columns-is-layout-flex\" style=\"padding-top:var(--wp--preset--spacing--40);padding-right:var(--wp--preset--spacing--40);padding-bottom:var(--wp--preset--spacing--40);padding-left:var(--wp--preset--spacing--40)\">\n<div class=\"wp-block-column has-background is-layout-flow wp-block-column-is-layout-flow\" style=\"background-color:#080505;padding-top:var(--wp--preset--spacing--50);padding-right:var(--wp--preset--spacing--50);padding-bottom:var(--wp--preset--spacing--50);padding-left:var(--wp--preset--spacing--50)\">\n<p class=\"has-text-align-center animated fadeInUp delay-100ms\" style=\"font-size:20px\">Leiebil p\u00e5 nett betyr at du ikke trenger \u00e5 reise langt for \u00e5 bestille en bil i n\u00e6rheten av deg eller p\u00e5 reisem\u00e5let ditt. Lei en bil med bare noen f\u00e5 klikk p\u00e5 <a href=\"https:\/\/no.getaround.com\/\" target=\"_blank\" rel=\" \">no.getaround.com<\/a>. Du har tilgang til et bredt utvalg av person- og firmabiler som er tilgjengelige i l\u00f8pet av f\u00e5 timer.<\/p>\n<\/div>\n<\/div>\n<\/div><\/div>\n<\/div>\n<\/div>\n\n\n\n<div class=\"wp-block-group has-background has-global-padding is-layout-constrained wp-block-group-is-layout-constrained\" style=\"background-color:#050708;margin-top:0px;margin-bottom:0px;padding-top:var(--wp--preset--spacing--50);padding-bottom:var(--wp--preset--spacing--50)\">\n<h2 class=\"wp-block-heading has-text-align-center has-base-2-color has-text-color has-link-color wp-elements-cfc7ecce206a6c2fc1731414cbd1c8f7\" style=\"font-size:35px\">Biltilpasning, en trend for fremtiden<\/h2>\n\n\n\n<hr class=\"wp-block-separator has-text-color has-alpha-channel-opacity has-background is-style-wide border-hr\" style=\"background-color:#fb0d2b;color:#fb0d2b\">\n\n\n\n<p class=\"has-text-align-center container has-base-2-color has-text-color has-link-color wp-elements-59b11a35e8e078e84620e54836fc00fb\" style=\"padding-right:var(--wp--preset--spacing--60);padding-left:var(--wp--preset--spacing--60)\">Alt fra setetrekk til stemningsbelysning er p\u00e5 vei inn i bilverdenen, og n\u00e5 kan du tilpasse bilene etter din smak og dine behov. Oppdag morgendagens nye trender.<\/p>\n\n\n\n<div class=\"wp-block-columns is-layout-flex wp-container-core-columns-is-layout-41b8a3ba wp-block-columns-is-layout-flex\" style=\"padding-top:var(--wp--preset--spacing--40)\">\n<div class=\"wp-block-column is-layout-flow wp-block-column-is-layout-flow\">\n<div class=\"wp-block-cover has-custom-content-position is-position-bottom-center anim-box\"><span aria-hidden=\"true\" class=\"wp-block-cover__background has-background-dim-0 has-background-dim\" style=\"background-color:#574f50\"><\/span><img loading=\"lazy\" decoding=\"async\" width=\"600\" height=\"600\" class=\"wp-block-cover__image-background wp-image-300\" alt=\"Personalised seat covers\" src=\"https:\/\/www.loveelectriccars.com\/wp-content\/uploads\/2023\/12\/Personalised-seat-covers.webp\" data-object-fit=\"cover\" srcset=\"https:\/\/www.loveelectriccars.com\/wp-content\/uploads\/2023\/12\/Personalised-seat-covers.webp 600w, https:\/\/www.loveelectriccars.com\/wp-content\/uploads\/2023\/12\/Personalised-seat-covers-300x300.webp 300w, https:\/\/www.loveelectriccars.com\/wp-content\/uploads\/2023\/12\/Personalised-seat-covers-150x150.webp 150w\" sizes=\"auto, (max-width: 600px) 100vw, 600px\"><div class=\"wp-block-cover__inner-container has-global-padding is-layout-constrained wp-block-cover-is-layout-constrained\">\n<div class=\"wp-block-group has-global-padding is-layout-constrained wp-container-core-group-is-layout-b87b4b82 wp-block-group-is-layout-constrained\" style=\"padding-right:var(--wp--preset--spacing--20);padding-bottom:var(--wp--preset--spacing--20);padding-left:var(--wp--preset--spacing--20)\">\n<h3 class=\"wp-block-heading has-base-2-color has-text-color has-link-color wp-elements-0bdd3f642d10c91d8128f3ad09e3331f\" style=\"font-size:24px;font-style:normal;font-weight:400\">Personlige setetrekk<\/h3>\n\n\n\n<p class=\"has-base-2-color has-text-color has-link-color wp-elements-e12b8f62cbbc1c0f1fd67d2c262abd5c\">Et bredt utvalg av m\u00f8nstre, materialer og farger for personlige setetrekk og beskyttelsesputer.<\/p>\n<\/div>\n<\/div><\/div>\n<\/div>\n\n\n\n<div class=\"wp-block-column is-layout-flow wp-block-column-is-layout-flow\">\n<div class=\"wp-block-cover has-custom-content-position is-position-bottom-center\"><span aria-hidden=\"true\" class=\"wp-block-cover__background has-background-dim-0 has-background-dim\" style=\"background-color:#7c7b7a\"><\/span><img loading=\"lazy\" decoding=\"async\" width=\"400\" height=\"250\" class=\"wp-block-cover__image-background wp-image-276\" alt=\"Customised wheel trims\" src=\"https:\/\/www.loveelectriccars.com\/wp-content\/uploads\/2023\/12\/Customised-wheel-trims.webp\" data-object-fit=\"cover\" srcset=\"https:\/\/www.loveelectriccars.com\/wp-content\/uploads\/2023\/12\/Customised-wheel-trims.webp 400w, https:\/\/www.loveelectriccars.com\/wp-content\/uploads\/2023\/12\/Customised-wheel-trims-300x188.webp 300w\" sizes=\"auto, (max-width: 400px) 100vw, 400px\"><div class=\"wp-block-cover__inner-container has-global-padding is-layout-constrained wp-block-cover-is-layout-constrained\">\n<div class=\"wp-block-group animated fadeInUp delay-100ms has-background has-global-padding is-layout-constrained wp-container-core-group-is-layout-b2068f9b wp-block-group-is-layout-constrained\" style=\"background-color:#bb3e1e;padding-top:var(--wp--preset--spacing--30);padding-right:var(--wp--preset--spacing--20);padding-bottom:var(--wp--preset--spacing--20);padding-left:var(--wp--preset--spacing--20)\">\n<h3 class=\"wp-block-heading has-base-2-color has-text-color has-link-color wp-elements-290585fffcc383e10c2f72cfa8e61586\" style=\"font-size:24px;font-style:normal;font-weight:400\">Skreddersydde hjulkapsler<\/h3>\n\n\n\n<p class=\"has-base-2-color has-text-color has-link-color wp-elements-6d0ce5a1195a53135e3d96c69f7f96b5\">Hjulkapsler i ulike design og m\u00f8nstre for personlig tilpassede felger.<\/p>\n<\/div>\n<\/div><\/div>\n<\/div>\n\n\n\n<div class=\"wp-block-column is-layout-flow wp-block-column-is-layout-flow\">\n<div class=\"wp-block-cover has-custom-content-position is-position-bottom-center anim-box\"><span aria-hidden=\"true\" class=\"wp-block-cover__background has-background-dim-0 has-background-dim\" style=\"background-color:#151c20\"><\/span><img loading=\"lazy\" decoding=\"async\" width=\"600\" height=\"600\" class=\"wp-block-cover__image-background wp-image-312\" alt=\"\" src=\"https:\/\/www.loveelectriccars.com\/wp-content\/uploads\/2023\/12\/Interior-mood-lighting.webp\" data-object-fit=\"cover\" srcset=\"https:\/\/www.loveelectriccars.com\/wp-content\/uploads\/2023\/12\/Interior-mood-lighting.webp 600w, https:\/\/www.loveelectriccars.com\/wp-content\/uploads\/2023\/12\/Interior-mood-lighting-300x300.webp 300w, https:\/\/www.loveelectriccars.com\/wp-content\/uploads\/2023\/12\/Interior-mood-lighting-150x150.webp 150w\" sizes=\"auto, (max-width: 600px) 100vw, 600px\"><div class=\"wp-block-cover__inner-container has-global-padding is-layout-constrained wp-block-cover-is-layout-constrained\">\n<div class=\"wp-block-group has-global-padding is-layout-constrained wp-container-core-group-is-layout-b87b4b82 wp-block-group-is-layout-constrained\" style=\"padding-right:var(--wp--preset--spacing--20);padding-bottom:var(--wp--preset--spacing--20);padding-left:var(--wp--preset--spacing--20)\">\n<h3 class=\"wp-block-heading has-base-2-color has-text-color has-link-color wp-elements-0de4eea8917a3c2de50adc63a9b36cb6\" style=\"font-size:24px;font-style:normal;font-weight:400\">Innvendig stemningsbelysning<\/h3>\n\n\n\n<p class=\"has-base-2-color has-text-color has-link-color wp-elements-e6d51587493ba41187f7c1b5d4e57d02\">Stemningsbelysning i ulike farger, akkompagnert av en musikalsk spilleliste og lyseffekter.<\/p>\n<\/div>\n<\/div><\/div>\n<\/div>\n<\/div>\n<\/div>\n","protected":false},"excerpt":{"rendered":"<p>Bildesign: de nyeste estetiske innovasjonene Minimalistisk design En minimalistisk, stilren design med reflekterende, elegante og elegante detaljer. Karosserilinjer Moderne, autentiske karosserilinjer for en str\u00e5lende effekt. Fargepalett Skreddersydde fargenyanser inspirert av den kromatiske paletten. Lette, slitesterke materialer Holdbare materialer basert p\u00e5&#8230;<\/p>\n","protected":false},"author":1,"featured_media":0,"parent":0,"menu_order":0,"comment_status":"closed","ping_status":"closed","template":"","meta":{"footnotes":""},"class_list":["post-471","page","type-page","status-publish","hentry"],"_links":{"self":[{"href":"https:\/\/www.loveelectriccars.com\/no\/wp-json\/wp\/v2\/pages\/471","targetHints":{"allow":["GET"]}}],"collection":[{"href":"https:\/\/www.loveelectriccars.com\/no\/wp-json\/wp\/v2\/pages"}],"about":[{"href":"https:\/\/www.loveelectriccars.com\/no\/wp-json\/wp\/v2\/types\/page"}],"author":[{"embeddable":true,"href":"https:\/\/www.loveelectriccars.com\/no\/wp-json\/wp\/v2\/users\/1"}],"replies":[{"embeddable":true,"href":"https:\/\/www.loveelectriccars.com\/no\/wp-json\/wp\/v2\/comments?post=471"}],"version-history":[{"count":3,"href":"https:\/\/www.loveelectriccars.com\/no\/wp-json\/wp\/v2\/pages\/471\/revisions"}],"predecessor-version":[{"id":477,"href":"https:\/\/www.loveelectriccars.com\/no\/wp-json\/wp\/v2\/pages\/471\/revisions\/477"}],"wp:attachment":[{"href":"https:\/\/www.loveelectriccars.com\/no\/wp-json\/wp\/v2\/media?parent=471"}],"curies":[{"name":"wp","href":"https:\/\/api.w.org\/{rel}","templated":true}]}}